{"id":1543,"date":"2026-03-11T12:53:27","date_gmt":"2026-03-11T12:53:27","guid":{"rendered":"https:\/\/www.pierre-alain-schnegg.ch\/?page_id=1543"},"modified":"2026-03-11T13:19:42","modified_gmt":"2026-03-11T13:19:42","slug":"revue-de-presse-campagne-2","status":"publish","type":"page","link":"https:\/\/www.pierre-alain-schnegg.ch\/fr\/election-2018\/revue-de-presse-campagne-2\/","title":{"rendered":"Continuons BEn\u00e9fique: Le programme en 10 points pour 2030"},"content":{"rendered":"\n<p>Des emplois en nombre suffisant, des infrastructures fonctionnelles et un bon approvisionnement ne vont<br>pas de soi. La croissance \u00e9conomique bernoise est inf\u00e9rieure \u00e0 la moyenne suisse et la charge fiscale est<br>\u00e9lev\u00e9e en comparaison avec les autres cantons. Les d\u00e9veloppements internationaux (p. ex. les droits de<br>douane am\u00e9ricains) p\u00e8sent \u00e9galement sur l&#8217;\u00e9conomie du canton de Berne, comme le montrent les r\u00e9centes fermetures d&#8217;entreprises.<\/p>\n\n\n\n<p><br>Le revirement politique a certes d\u00e9j\u00e0 am\u00e9lior\u00e9 la situation, avec notamment la mise en oeuvre des premi\u00e8res r\u00e9ductions d&#8217;imp\u00f4ts. Mais pour assurer un avenir prosp\u00e8re aux Bernoises et aux Bernois, il faut plus que jamais des t\u00eates exp\u00e9riment\u00e9es qui regardent vers l&#8217;avenir et s&#8217;engagent pour le bien du canton et de sa population. Le ticket bourgeois \u00e0 cinq candidats, qui a fait ses preuves, s&#8217;engage en faveur d&#8217;un programme en 10 points pour 2030 et mise sur l&#8217;efficacit\u00e9, l&#8217;innovation et la promotion cibl\u00e9e de l&#8217;attractivit\u00e9 du site afin de lib\u00e9rer tout le potentiel du canton.<\/p>\n\n\n\n<p><\/p>\n\n\n\n<hr class=\"wp-block-separator has-alpha-channel-opacity\"\/>\n\n\n<p>Centre bilingue BE<\/p>\n<h2>1. Tirer parti des atouts bernois<\/h2>\n<p>Berne doit continuer \u00e0 s&#8217;affirmer fi\u00e8rement comme centre politique bilingue \u00e0 l&#8217;\u00e9chelle nationale et <br \/>internationale et mettre \u00e0 profit sa fonction de pont linguistique et culturel pour promouvoir son site et <br \/>favoriser les r\u00e9seaux r\u00e9gionaux, nationaux et internationaux.<\/p>\n<p><strong>Mesures :<\/strong><\/p>\n<ul>\n<li>Promouvoir Berne au niveau national et international en tant que centre politique bilingue (via des <br \/>salons, des conf\u00e9rences, une promotion de la place \u00e9conomique, des consortiums de recherche, etc.).<\/li>\n<li>Veiller \u00e0 maintenir les offres de formation bilingues afin d&#8217;attirer des sp\u00e9cialistes des deux r\u00e9gions <br \/>linguistiques.<\/li>\n<\/ul>\n\n\n<hr class=\"wp-block-separator has-alpha-channel-opacity\"\/>\n\n\n\n<p>S\u00e9curit\u00e9 BE<\/p>\n\n\n\n<h2 class=\"wp-block-heading\">2. Garantir la s\u00e9curit\u00e9 du canton et de la capitale f\u00e9d\u00e9rale<\/h2>\n\n\n\n<p>Garantir la s\u00e9curit\u00e9 est une mission fondamentale de l&#8217;\u00c9tat. Compte tenu de la situation actuelle tendue, il<br>faut, outre l&#8217;arm\u00e9e, une police bien \u00e9quip\u00e9e et un \u00c9tat de droit strict pour que la population bernoise se<br>sente en s\u00e9curit\u00e9. Les nouvelles menaces doivent \u00eatre prises en compte, en particulier dans la capitale<br>f\u00e9d\u00e9rale et sur le site de l&#8217;a\u00e9roport o\u00f9 transitent des visiteuses et visiteurs \u00e9trangers. La lutte contre la petite d\u00e9linquance organis\u00e9e et les gangs est tout aussi importante.<\/p>\n\n\n\n<p><strong>Mesures :<\/strong><\/p>\n\n\n\n<ul class=\"wp-block-list\">\n<li>Se doter des effectifs suffisants dans les corps de police et les services de secours afin de garantir des temps de r\u00e9action rapides.<\/li>\n\n\n\n<li>Mettre en \u0153uvre des mesures cibl\u00e9es pour lutter contre la criminalit\u00e9 organis\u00e9e (des gangs de<br>cambrioleurs aux clans, en passant par la cybercriminalit\u00e9 et les infractions de violence).<\/li>\n<\/ul>\n\n\n\n<hr class=\"wp-block-separator has-alpha-channel-opacity\"\/>\n\n\n\n<p>Approvisionnement durable BE<\/p>\n\n\n\n<h2 class=\"wp-block-heading\">3. Assurer l&#8217;approvisionnement gr\u00e2ce \u00e0 l&#8217;innovation et \u00e0 la durabilit\u00e9<\/h2>\n\n\n\n<p>Il convient de continuer \u00e0 d\u00e9velopper un approvisionnement \u00e9nerg\u00e9tique suffisant, abordable et fiable, y<br>compris \u00e0 partir de sources renouvelables. Dans le canton de Berne, l&#8217;\u00e9nergie hydraulique occupe une place pr\u00e9pond\u00e9rante, mais il est important de rester ouvert \u00e0 toutes les technologies. Des r\u00e9glementations \u00e9tatiques ne doivent \u00eatre instaur\u00e9es que lorsqu&#8217;elles sont vraiment n\u00e9cessaires. Dans la mesure du possible, il faut miser sur l&#8217;innovation pour atteindre la durabilit\u00e9.<\/p>\n\n\n\n<p><strong>Mesures :<\/strong><\/p>\n\n\n\n<ul class=\"wp-block-list\">\n<li>Garantir un approvisionnement \u00e9nerg\u00e9tique \u00e0 un prix \u00e9quitable.<\/li>\n\n\n\n<li>Encourager l&#8217;ouverture technologique et les innovations visant \u00e0 accro\u00eetre l&#8217;efficacit\u00e9 et \u00e0 garantir un<br>approvisionnement durable, et introduire des r\u00e9glementations seulement lorsqu&#8217;elles sont n\u00e9cessaires<\/li>\n<\/ul>\n\n\n\n<hr class=\"wp-block-separator has-alpha-channel-opacity\"\/>\n\n\n\n<p>D\u00e9veloppement territorial BE<\/p>\n\n\n\n<h2 class=\"wp-block-heading\">4. Construire de mani\u00e8re judicieuse et continuer l&#8217;optimisation des proc\u00e9dures<\/h2>\n\n\n\n<p>De nombreuses surfaces construites dans le canton sont mal utilis\u00e9es et leur d\u00e9veloppement est entrav\u00e9 par des contraintes. L&#8217;inventaire prot\u00e9g\u00e9 a d\u00e9j\u00e0 pu \u00eatre all\u00e9g\u00e9, mais il faut poursuivre dans cette voie et utiliser encore davantage les moyens num\u00e9riques afin de permettre un meilleur d\u00e9veloppement territorial. Tant la population que l&#8217;\u00e9conomie bernoise ont besoin d&#8217;un d\u00e9veloppement territorial de qualit\u00e9.<\/p>\n\n\n\n<p><strong>Mesures :<\/strong><\/p>\n\n\n\n<ul class=\"wp-block-list\">\n<li>Poursuivre la num\u00e9risation et la simplification des proc\u00e9dures de planification et des prescriptions et<br>r\u00e9duire les proc\u00e9dures d&#8217;autorisation et de planification ou, dans la mesure du possible, les transformer en obligations de d\u00e9claration.<\/li>\n\n\n\n<li>Densifier les terrains publics et semi-publics et augmenter les coefficients d&#8217;utilisation lorsque cela<br>s&#8217;av\u00e8re judicieux pour l&#8217;am\u00e9nagement du territoire.<\/li>\n<\/ul>\n\n\n\n<hr class=\"wp-block-separator has-alpha-channel-opacity\"\/>\n\n\n\n<p>Goulets d&#8217;\u00e9tranglement et mobilit\u00e9 BE<\/p>\n\n\n\n<h2 class=\"wp-block-heading\">5. Cr\u00e9er une infrastructure appropri\u00e9e<\/h2>\n\n\n\n<p>Le r\u00e9seau de transport doit continuer \u00e0 \u00eatre d\u00e9velopp\u00e9 de mani\u00e8re cibl\u00e9e : les mesures visant \u00e0 \u00e9liminer les goulets d&#8217;\u00e9tranglement qui ont \u00e9t\u00e9 d\u00e9cid\u00e9es depuis longtemps, par exemple dans l&#8217;Emmental et en Haute-Argovie, doivent \u00eatre mises en \u0153uvre. Les besoins de la population et de l&#8217;\u00e9conomie en mati\u00e8re de mobilit\u00e9 doivent guider la planification afin que le trafic soit fluide et que l&#8217;ensemble des usag\u00e8res et usagers aient leur place sur la route.<\/p>\n\n\n\n<p><strong>Mesures :<\/strong><\/p>\n\n\n\n<ul class=\"wp-block-list\">\n<li>\u00c9liminer les goulets d&#8217;\u00e9tranglement du r\u00e9seau de transport de mani\u00e8re cibl\u00e9e en collaborant avec les<br>communes et en accordant la priorit\u00e9 \u00e0 l&#8217;utilit\u00e9 \u00e9conomique. Les transports publics et priv\u00e9s doivent \u00eatre int\u00e9gr\u00e9s aux nouvelles formes de mobilit\u00e9 afin de couvrir efficacement les besoins de la population et de l&#8217;\u00e9conomie en mati\u00e8re de mobilit\u00e9.<\/li>\n\n\n\n<li>Lancer la construction des voies d&#8217;acc\u00e8s dans l&#8217;Emmental et en Haute-Argovie.<\/li>\n<\/ul>\n\n\n\n<hr class=\"wp-block-separator has-alpha-channel-opacity\"\/>\n\n\n\n<p>Services administratifs BE<\/p>\n\n\n\n<h2 class=\"wp-block-heading\">6. Proposer des processus et des services simples, efficaces et proches des citoyennes et des citoyens, \u00e9galement en utilisant l&#8217;intelligence artificielle<\/h2>\n\n\n\n<p>Comme toute entreprise, la politique et l&#8217;administration doivent elles aussi \u00e9voluer en permanence. Cela<br>implique aussi bien d&#8217;utiliser les nouvelles technologies que de se d\u00e9barrasser des vieilles habitudes. Il fautsupprimer les r\u00e8glementations devenues superflues et tirer les le\u00e7ons des erreurs pass\u00e9es. Cela signifie queles nouvelles r\u00e8gles ne devraient \u00eatre introduites qu&#8217;apr\u00e8s une analyse d&#8217;impact.<\/p>\n\n\n\n<p><strong>Mesures :<\/strong><\/p>\n\n\n\n<ul class=\"wp-block-list\">\n<li>D\u00e9velopper une infrastructure num\u00e9rique et une administration en ligne conviviales pour les citoyennes et les citoyens, automatiser les processus standard et les optimiser en permanence en supprimant les doublons et les r\u00e9glementations obsol\u00e8tes.<\/li>\n\n\n\n<li>Donner la priorit\u00e9 aux ressources et au personnel et leur d\u00e9gager du temps pour les t\u00e2ches complexes.<\/li>\n<\/ul>\n\n\n\n<hr class=\"wp-block-separator has-alpha-channel-opacity\"\/>\n\n\n\n<p>Place fiscale BE<\/p>\n\n\n\n<h2 class=\"wp-block-heading\">7. Rendre les imp\u00f4ts plus attractifs pour toutes et tous<\/h2>\n\n\n\n<p>\u00c0 l&#8217;avenir, le gouvernement doit continuer \u00e0 mettre l&#8217;accent sur une utilisation efficace des ressources afin<br>de lib\u00e9rer des fonds pour r\u00e9duire consid\u00e9rablement la charge fiscale pesant sur la population et les<br>entreprises, et remonter ainsi au milieu du classement suisse. Pour cela, il faut mettre l&#8217;accent sur la<br>promotion \u00e9conomique des secteurs \u00e0 forte valeur ajout\u00e9e.<\/p>\n\n\n\n<p><strong>Mesures :<\/strong><\/p>\n\n\n\n<ul class=\"wp-block-list\">\n<li>R\u00e9duire progressivement l&#8217;imp\u00f4t sur les b\u00e9n\u00e9fices afin de se situer dans la moyenne suisse et de<br>renforcer la comp\u00e9titivit\u00e9 du site de Berne.<\/li>\n\n\n\n<li>Poursuivre la r\u00e9duction de l&#8217;imp\u00f4t sur le revenu au cours de la prochaine l\u00e9gislature afin d&#8217;attirer des<br>travailleuses et travailleurs qualifi\u00e9s ainsi que des entreprises.<\/li>\n<\/ul>\n\n\n\n<hr class=\"wp-block-separator has-alpha-channel-opacity\"\/>\n\n\n\n<p>Main-d&#8217;\u0153uvre qualifi\u00e9e BE<\/p>\n\n\n\n<h2 class=\"wp-block-heading\">8. Transmettre les comp\u00e9tences cl\u00e9s<\/h2>\n\n\n\n<p>Les \u00e9coles et les offres de formation doivent \u00eatre adapt\u00e9es aux besoins du quotidien professionnel et donc \u00e0 une \u00e9conomie ax\u00e9e sur la performance. La formation est le meilleur moyen de rem\u00e9dier \u00e0 la p\u00e9nurie de personnel qualifi\u00e9. La formation professionnelle duale et les hautes \u00e9coles doivent \u00eatre orient\u00e9es dans ce sens. Les connaissances et les comp\u00e9tences doivent aller de pair avec les outils num\u00e9riques. Les secteurs cl\u00e9s, tels que les sciences de la vie, l&#8217;informatique, l&#8217;\u00e9nergie et la fabrication de pr\u00e9cision, ont besoin de main-d&#8217;\u0153uvre qualifi\u00e9e.<\/p>\n\n\n\n<p><strong>Mesures :<\/strong><\/p>\n\n\n\n<ul class=\"wp-block-list\">\n<li>Prioriser la performance et les programmes d&#8217;\u00e9tudes ax\u00e9s sur la pratique en concertation avec<br>l&#8217;\u00e9conomie et la rel\u00e8ve dans les secteurs cl\u00e9s.<\/li>\n\n\n\n<li>Int\u00e9grer les comp\u00e9tences num\u00e9riques \u00e0 tous les niveaux de formation, y compris la programmation,<br>l&#8217;analyse de donn\u00e9es et la compr\u00e9hension de l&#8217;intelligence artificielle.<\/li>\n<\/ul>\n\n\n\n<hr class=\"wp-block-separator has-alpha-channel-opacity\"\/>\n\n\n\n<p>Soins de sant\u00e9 BE<\/p>\n\n\n\n<h2 class=\"wp-block-heading\">9. Fournir des soins de sant\u00e9 tourn\u00e9s vers l&#8217;avenir<\/h2>\n\n\n\n<p>Les soins de sant\u00e9 constituent un d\u00e9fi sur tout le territoire bernois. La p\u00e9nurie de personnel qualifi\u00e9 oblige \u00e0 une utilisation plus cibl\u00e9e des ressources. \u00c0 l&#8217;avenir, les mod\u00e8les de soins int\u00e9gr\u00e9s devront \u00eatre au premier plan. Gr\u00e2ce aux nouvelles possibilit\u00e9s techniques, qui vont des ambulances bien \u00e9quip\u00e9es \u00e0 l&#8217;hospitalisation \u00e0 domicile, les sites hospitaliers font aujourd&#8217;hui partie d&#8217;un syst\u00e8me global. Des mesures importantes ont pu \u00eatre prises gr\u00e2ce aux nouvelles possibilit\u00e9s technologiques, par exemple avec la nouvelle application pour les urgences, l&#8217;installation de nombreux d\u00e9fibrillateurs et l&#8217;orientation vers davantage de traitements ambulatoires.<\/p>\n\n\n\n<p><strong>Mesures :<\/strong><\/p>\n\n\n\n<ul class=\"wp-block-list\">\n<li>Garantir \u00e0 l&#8217;avenir la prise en charge dans les r\u00e9gions p\u00e9riph\u00e9riques gr\u00e2ce \u00e0 des mod\u00e8les innovants, aux prestations ambulatoires et \u00e0 l&#8217;hospitalisation \u00e0 domicile.<\/li>\n\n\n\n<li>Recourir \u00e0 la num\u00e9risation pour mettre en place des processus efficaces dans l&#8217;int\u00e9r\u00eat des patientes et des patients et pour contenir la hausse des co\u00fbts.<\/li>\n<\/ul>\n\n\n\n<hr class=\"wp-block-separator has-alpha-channel-opacity\"\/>\n\n\n\n<p>R\u00e9seau social BE<\/p>\n\n\n\n<h2 class=\"wp-block-heading\">10. Favoriser l&#8217;insertion sur le march\u00e9 du travail avec un travail r\u00e9mun\u00e9rateur<\/h2>\n\n\n\n<p>La nouvelle loi sur l&#8217;aide sociale et la possibilit\u00e9 d&#8217;am\u00e9liorer les \u00e9changes num\u00e9riques constituent les<br>premiers pas vers un r\u00e9seau social efficace et \u00e9quitable. Il s&#8217;agit d\u00e9sormais de poursuivre dans cette voie afin de soutenir les communes dans leur travail et d&#8217;accompagner le plus grand nombre possible de b\u00e9n\u00e9ficiaires de l&#8217;aide sociale vers le march\u00e9 du travail.<\/p>\n\n\n\n<p><strong>Mesures :<\/strong><\/p>\n\n\n\n<ul class=\"wp-block-list\">\n<li>Mettre en \u0153uvre de mani\u00e8re efficace la loi sur l&#8217;aide sociale afin d&#8217;utiliser les fonds de mani\u00e8re cibl\u00e9e et la d\u00e9velopper davantage.<\/li>\n\n\n\n<li>Aider les services sociaux des communes en recourant \u00e0 des coaches professionnels et en offrant de<br>nouvelles possibilit\u00e9s de mise en r\u00e9seau afin que les personnes concern\u00e9es puissent rapidement et de mani\u00e8re cibl\u00e9e sortir de l&#8217;aide sociale ou s&#8217;ins\u00e9rer sur le march\u00e9 du travail. \u00c0 cet effet, nous<br>encourageons la responsabilit\u00e9 individuelle.<\/li>\n<\/ul>\n\n\n\n<p><\/p>\n","protected":false},"excerpt":{"rendered":"<p>Des emplois en nombre suffisant, des infrastructures fonctionnelles et un bon approvisionnement ne vontpas de soi. La croissance \u00e9conomique bernoise est inf\u00e9rieure \u00e0 la moyenne suisse et la charge fiscale est\u00e9lev\u00e9e en comparaison avec les autres cantons. Les d\u00e9veloppements internationaux (p. ex. les droits dedouane am\u00e9ricains) p\u00e8sent \u00e9galement sur l&#8217;\u00e9conomie du canton de Berne, comme le montrent les r\u00e9centes fermetures d&#8217;entreprises. Le revirement politique a certes d\u00e9j\u00e0 am\u00e9lior\u00e9 la situation, avec notamment la mise en oeuvre des premi\u00e8res r\u00e9ductions d&#8217;imp\u00f4ts. Mais pour assurer un avenir prosp\u00e8re aux Bernoises et aux Bernois, il faut plus que jamais des t\u00eates exp\u00e9riment\u00e9es qui regardent vers l&#8217;avenir et s&#8217;engagent pour le bien du canton<\/p>\n","protected":false},"author":1,"featured_media":0,"parent":880,"menu_order":2,"comment_status":"closed","ping_status":"closed","template":"","meta":{"jetpack_post_was_ever_published":false,"footnotes":""},"class_list":["post-1543","page","type-page","status-publish","hentry"],"jetpack_sharing_enabled":true,"jetpack_shortlink":"https:\/\/wp.me\/P74j66-oT","_links":{"self":[{"href":"https:\/\/www.pierre-alain-schnegg.ch\/fr\/wp-json\/wp\/v2\/pages\/1543","targetHints":{"allow":["GET"]}}],"collection":[{"href":"https:\/\/www.pierre-alain-schnegg.ch\/fr\/wp-json\/wp\/v2\/pages"}],"about":[{"href":"https:\/\/www.pierre-alain-schnegg.ch\/fr\/wp-json\/wp\/v2\/types\/page"}],"author":[{"embeddable":true,"href":"https:\/\/www.pierre-alain-schnegg.ch\/fr\/wp-json\/wp\/v2\/users\/1"}],"replies":[{"embeddable":true,"href":"https:\/\/www.pierre-alain-schnegg.ch\/fr\/wp-json\/wp\/v2\/comments?post=1543"}],"version-history":[{"count":2,"href":"https:\/\/www.pierre-alain-schnegg.ch\/fr\/wp-json\/wp\/v2\/pages\/1543\/revisions"}],"predecessor-version":[{"id":1547,"href":"https:\/\/www.pierre-alain-schnegg.ch\/fr\/wp-json\/wp\/v2\/pages\/1543\/revisions\/1547"}],"up":[{"embeddable":true,"href":"https:\/\/www.pierre-alain-schnegg.ch\/fr\/wp-json\/wp\/v2\/pages\/880"}],"wp:attachment":[{"href":"https:\/\/www.pierre-alain-schnegg.ch\/fr\/wp-json\/wp\/v2\/media?parent=1543"}],"curies":[{"name":"wp","href":"https:\/\/api.w.org\/{rel}","templated":true}]}}