{"id":1548,"date":"2026-03-11T13:35:29","date_gmt":"2026-03-11T13:35:29","guid":{"rendered":"https:\/\/www.pierre-alain-schnegg.ch\/?page_id=1548"},"modified":"2026-03-11T13:44:53","modified_gmt":"2026-03-11T13:44:53","slug":"en-ligne-droite-depuis-10-ans","status":"publish","type":"page","link":"https:\/\/www.pierre-alain-schnegg.ch\/fr\/vision\/en-ligne-droite-depuis-10-ans\/","title":{"rendered":"En ligne droite depuis 10 ans"},"content":{"rendered":"<p>Que de changements depuis 2016, l\u2019ann\u00e9e de mon \u00e9lection comme Conseiller d\u2019Etat. D\u2019abord sur le plan politique, tant au niveau national qu\u2019international, mais pas seulement \u2013 dans le champ d\u2019activit\u00e9 de ma direction \u00e9galement, que ce soit dans le domaine de la sant\u00e9 ou celui des affaires sociales et de l\u2019int\u00e9gration.<\/p>\n<p>Cette derni\u00e8re d\u00e9cennie, le syst\u00e8me de sant\u00e9 a en effet connu bien des transformations. \u00c9volution d\u00e9mographique, progr\u00e8s de la m\u00e9decine, p\u00e9nurie de main-d\u2019\u0153uvre qualifi\u00e9e ainsi que spirale des co\u00fbts sont quelques-unes des probl\u00e9matiques auxquelles nous nous sommes heurt\u00e9s. \u00c0 cela s\u2019ajoute un syst\u00e8me complexe impliquant de nombreux acteurs, des interfaces diverses et des comp\u00e9tences \u00e9parpill\u00e9es. Les enjeux sont aussi devenus plus complexes \u2013 et les attentes toujours plus nombreuses \u2013 dans le domaine des affaires sociales et de l\u2019int\u00e9gration, en particulier au niveau des t\u00e2ches conjointes.<\/p>\n<p>C\u2019est donc dans un contexte tr\u00e8s dynamique que nous avons d\u00fb agir et d\u00e9cider. Que ce soit pour fixer des orientations politiques, lancer des processus l\u00e9gislatifs ou proposer rapidement des solutions aux acteurs sur le terrain, qui en avaient \u2013 et en ont toujours \u2013 urgemment besoin. Pour aborder ces d\u00e9fis, nous adoptons une d\u00e9marche pragmatique.<\/p>\n<p>Notre principe\u00a0: la sant\u00e9, les affaires sociales et l\u2019int\u00e9gration constituent un syst\u00e8me int\u00e9gr\u00e9. Et nous avons \u00e0 c\u0153ur de mettre ce principe en pratique aussi dans notre activit\u00e9.<\/p>\n","protected":false},"excerpt":{"rendered":"<p>Que de changements depuis 2016, l\u2019ann\u00e9e de mon \u00e9lection comme Conseiller d\u2019Etat. D\u2019abord sur le plan politique, tant au niveau national qu\u2019international, mais pas seulement \u2013 dans le champ d\u2019activit\u00e9 de ma direction \u00e9galement, que ce soit dans le domaine de la sant\u00e9 ou celui des affaires sociales et de l\u2019int\u00e9gration. Cette derni\u00e8re d\u00e9cennie, le syst\u00e8me de sant\u00e9 a en effet connu bien des transformations. \u00c9volution d\u00e9mographique, progr\u00e8s de la m\u00e9decine, p\u00e9nurie de main-d\u2019\u0153uvre qualifi\u00e9e ainsi que spirale des co\u00fbts sont quelques-unes des probl\u00e9matiques auxquelles nous nous sommes heurt\u00e9s. \u00c0 cela s\u2019ajoute un syst\u00e8me complexe impliquant de nombreux acteurs, des interfaces diverses et des comp\u00e9tences \u00e9parpill\u00e9es. Les enjeux sont aussi<\/p>\n","protected":false},"author":1,"featured_media":0,"parent":21,"menu_order":2,"comment_status":"closed","ping_status":"closed","template":"","meta":{"jetpack_post_was_ever_published":false,"footnotes":""},"class_list":["post-1548","page","type-page","status-publish","hentry"],"jetpack_sharing_enabled":true,"jetpack_shortlink":"https:\/\/wp.me\/P74j66-oY","_links":{"self":[{"href":"https:\/\/www.pierre-alain-schnegg.ch\/fr\/wp-json\/wp\/v2\/pages\/1548","targetHints":{"allow":["GET"]}}],"collection":[{"href":"https:\/\/www.pierre-alain-schnegg.ch\/fr\/wp-json\/wp\/v2\/pages"}],"about":[{"href":"https:\/\/www.pierre-alain-schnegg.ch\/fr\/wp-json\/wp\/v2\/types\/page"}],"author":[{"embeddable":true,"href":"https:\/\/www.pierre-alain-schnegg.ch\/fr\/wp-json\/wp\/v2\/users\/1"}],"replies":[{"embeddable":true,"href":"https:\/\/www.pierre-alain-schnegg.ch\/fr\/wp-json\/wp\/v2\/comments?post=1548"}],"version-history":[{"count":2,"href":"https:\/\/www.pierre-alain-schnegg.ch\/fr\/wp-json\/wp\/v2\/pages\/1548\/revisions"}],"predecessor-version":[{"id":1551,"href":"https:\/\/www.pierre-alain-schnegg.ch\/fr\/wp-json\/wp\/v2\/pages\/1548\/revisions\/1551"}],"up":[{"embeddable":true,"href":"https:\/\/www.pierre-alain-schnegg.ch\/fr\/wp-json\/wp\/v2\/pages\/21"}],"wp:attachment":[{"href":"https:\/\/www.pierre-alain-schnegg.ch\/fr\/wp-json\/wp\/v2\/media?parent=1548"}],"curies":[{"name":"wp","href":"https:\/\/api.w.org\/{rel}","templated":true}]}}