{"id":21,"date":"2015-11-02T16:34:31","date_gmt":"2015-11-02T16:34:31","guid":{"rendered":"http:\/\/www.pierre-alain-schnegg.ch\/?page_id=21"},"modified":"2026-03-13T14:16:04","modified_gmt":"2026-03-13T14:16:04","slug":"vision","status":"publish","type":"page","link":"https:\/\/www.pierre-alain-schnegg.ch\/fr\/vision\/","title":{"rendered":"Vision"},"content":{"rendered":"<h6>Des soins de qualit\u00e9 dans toutes les r\u00e9gions du canton, une \u00e9conomie prosp\u00e8re gr\u00e2ce \u00e0 des PME dynamiques, des r\u00e9gions vivantes et attrayantes ainsi que des finances saines pour un canton apte \u00e0 relever les d\u00e9fis futurs : ces pr\u00e9occupations sont au c\u0153ur de mon action politique.<br \/>\nNotre r\u00e9gion, notre canton ont besoin de solutions constructives, efficaces et durables.<\/h6>\n<p>En tant qu\u2019entrepreneur, j\u2019ai travaill\u00e9 \u00e0 la recherche de telles solutions. Mon exp\u00e9rience: identifier le c\u0153ur du probl\u00e8me, garder l\u2019esprit ouvert et collaborer avec les diff\u00e9rentes parties prenantes permettent souvent de faire avancer les choses.<\/p>\n<p>Se lancer dans la course au Conseil d\u2019\u00c9tat a \u00e9t\u00e9 une d\u00e9cision importante. Fortement attach\u00e9 \u00e0 ma r\u00e9gion, je souhaite la repr\u00e9senter au mieux au sein du gouvernement cantonal. Je suis par ailleurs conscient de la responsabilit\u00e9 qui incombe aux membres du gouvernement et sais que les d\u00e9fis \u00e0 relever sont nombreux.<\/p>\n<p>C&#8217;est pour r\u00e9gler des probl\u00e8mes et travailler \u00e0 de bonnes solutions que le peuple bernois m&#8217;a \u00e9lu. Je peux m&#8217;appuyer pour cela sur mon exp\u00e9rience d&#8217;entrepreneur, qui m&#8217;a appris \u00e0 affronter les probl\u00e8mes avec optimiste et \u00e0 \u0153uvrer sans rel\u00e2che pour aboutir \u00e0 de vraies solutions. En tant qu&#8217;ancien chef d&#8217;entreprise, je sais en outre assumer la responsabilit\u00e9 de d\u00e9cisions difficiles \u00e0 prendre et am\u00e9liorer continuellement les processus pour assurer une bonne gestion.<\/p>\n<p>En ma qualit\u00e9 de directeur de la sant\u00e9, mon travail consiste \u00e0 fa\u00e7onner l\u2019avenir du syst\u00e8me de sant\u00e9 et \u00e0 assurer la stabilit\u00e9 de la couverture en soins de la population. Dans ce domaine, nous devons planifier les vingt prochaines ann\u00e9es et pr\u00e9parer le terrain pour les g\u00e9n\u00e9rations \u00e0 venir. Il s\u2019agit de d\u00e9finir des solutions pour la prise en charge d\u2019une population toujours plus \u00e2g\u00e9e. \u00c0 la t\u00eate des affaires sociales, je m\u2019engage en faveur de structures solides qui offrent de nouvelles opportunit\u00e9s aux personnes dans le besoin tout en renfor\u00e7ant leur responsabilit\u00e9 personnelle. Dans le domaine de l\u2019int\u00e9gration, je vise une politique d\u2019asile qui prot\u00e8ge les personnes menac\u00e9es tout en emp\u00eachant les abus. J\u2019entends contribuer \u00e0 ce que le canton de Berne redevienne fort et dynamique.<\/p>\n<p>Lisez plus ici:<\/p>\n<ul>\n<li><a href=\"https:\/\/ajour.ch\/de\/story\/657879\/une-conomie-forte-pour-des-prestations-de-qualit\">Une \u00e9conomie forte pour des prestations de qualit\u00e9<\/a> (aJOUR, 09.03.2026)<\/li>\n<\/ul>\n","protected":false},"excerpt":{"rendered":"<p>Des soins de qualit\u00e9 dans toutes les r\u00e9gions du canton, une \u00e9conomie prosp\u00e8re gr\u00e2ce \u00e0 des PME dynamiques, des r\u00e9gions vivantes et attrayantes ainsi que des finances saines pour un canton apte \u00e0 relever les d\u00e9fis futurs : ces pr\u00e9occupations sont au c\u0153ur de mon action politique. Notre r\u00e9gion, notre canton ont besoin de solutions constructives, efficaces et durables. En tant qu\u2019entrepreneur, j\u2019ai travaill\u00e9 \u00e0 la recherche de telles solutions. Mon exp\u00e9rience: identifier le c\u0153ur du probl\u00e8me, garder l\u2019esprit ouvert et collaborer avec les diff\u00e9rentes parties prenantes permettent souvent de faire avancer les choses. Se lancer dans la course au Conseil d\u2019\u00c9tat a \u00e9t\u00e9 une d\u00e9cision importante. Fortement attach\u00e9 \u00e0<\/p>\n","protected":false},"author":1,"featured_media":0,"parent":0,"menu_order":5,"comment_status":"closed","ping_status":"closed","template":"","meta":{"jetpack_post_was_ever_published":false,"footnotes":""},"class_list":["post-21","page","type-page","status-publish","hentry"],"jetpack_sharing_enabled":true,"jetpack_shortlink":"https:\/\/wp.me\/P74j66-l","_links":{"self":[{"href":"https:\/\/www.pierre-alain-schnegg.ch\/fr\/wp-json\/wp\/v2\/pages\/21","targetHints":{"allow":["GET"]}}],"collection":[{"href":"https:\/\/www.pierre-alain-schnegg.ch\/fr\/wp-json\/wp\/v2\/pages"}],"about":[{"href":"https:\/\/www.pierre-alain-schnegg.ch\/fr\/wp-json\/wp\/v2\/types\/page"}],"author":[{"embeddable":true,"href":"https:\/\/www.pierre-alain-schnegg.ch\/fr\/wp-json\/wp\/v2\/users\/1"}],"replies":[{"embeddable":true,"href":"https:\/\/www.pierre-alain-schnegg.ch\/fr\/wp-json\/wp\/v2\/comments?post=21"}],"version-history":[{"count":7,"href":"https:\/\/www.pierre-alain-schnegg.ch\/fr\/wp-json\/wp\/v2\/pages\/21\/revisions"}],"predecessor-version":[{"id":1577,"href":"https:\/\/www.pierre-alain-schnegg.ch\/fr\/wp-json\/wp\/v2\/pages\/21\/revisions\/1577"}],"wp:attachment":[{"href":"https:\/\/www.pierre-alain-schnegg.ch\/fr\/wp-json\/wp\/v2\/media?parent=21"}],"curies":[{"name":"wp","href":"https:\/\/api.w.org\/{rel}","templated":true}]}}