{"id":28,"date":"2015-11-02T16:36:46","date_gmt":"2015-11-02T16:36:46","guid":{"rendered":"http:\/\/www.pierre-alain-schnegg.ch\/?page_id=28"},"modified":"2026-03-17T09:43:57","modified_gmt":"2026-03-17T09:43:57","slug":"parcours-professionnel","status":"publish","type":"page","link":"https:\/\/www.pierre-alain-schnegg.ch\/fr\/presentation-3\/parcours-professionnel\/","title":{"rendered":"Parcours professionnel"},"content":{"rendered":"<p>Fils d\u2019ouvrier, j\u2019ai effectu\u00e9 un <strong>apprentissage d\u2019employ\u00e9 de commerce<\/strong> dans une entreprise fabriquant des machines-outils. Apr\u00e8s cette premi\u00e8re exp\u00e9rience dans le secteur industriel, j\u2019ai fait le pari de m\u2019orienter vers un domaine \u00e0 l\u2019\u00e9poque \u00e9mergent et aujourd\u2019hui omnipr\u00e9sent\u00a0: l\u2019informatique de gestion.<\/p>\n<h4>Ing\u00e9nieur et entrepreneur<\/h4>\n<p>Durant mes \u00e9tudes, j\u2019ai fond\u00e9 une premi\u00e8re entreprise avec un ami. Mon <strong>dipl\u00f4me d\u2019ing\u00e9nieur HES<\/strong> en poche, j\u2019ai cr\u00e9\u00e9 en 1987 une seconde soci\u00e9t\u00e9, dans le domaine informatique. De 4 personnes en 1987, nous sommes pass\u00e9s \u00e0 145 collaborateurs en 2014. En 2004, Ernst&amp;Young m\u2019a d\u00e9cern\u00e9 le prix d\u2019<em>Entrepreneur of the Year<\/em>.<\/p>\n<h4>Exp\u00e9rience de la sant\u00e9 et du service public<\/h4>\n<p>J\u2019ai rejoint le <strong>Conseil d\u2019administration<\/strong> de l\u2019H\u00f4pital du Jura bernois SA en 2009, en tant que vice-pr\u00e9sident d\u2019abord, puis en tant que pr\u00e9sident.<br \/>\nDe 2011 \u00e0 2016, j\u2019ai aussi pr\u00e9sid\u00e9 le Conseil d\u2019administration de Celtor SA. Comme l\u2019h\u00f4pital, cette soci\u00e9t\u00e9 de traitement des d\u00e9chets fournit des prestations d\u2019int\u00e9r\u00eat public.<\/p>\n<h4>Membre du Conseil-ex\u00e9cutif<\/h4>\n<p>\u00c9lu le 3 avril 2016 pour si\u00e9ger au Conseil ex\u00e9cutif bernois, je dirige d\u00e9sormais la direction de la sant\u00e9, des affaires sociales et de l&#8217;int\u00e9gration du deuxi\u00e8me canton suisse en nombre d&#8217;habitants.<\/p>\n<h4>En bref\u00a0:<\/h4>\n<ul>\n<li>CFC d\u2019employ\u00e9 de commerce<\/li>\n<li>Dipl\u00f4me d\u2019ing\u00e9nieur HES en informatique de gestion<\/li>\n<li>MBA de l\u2019Universit\u00e9 de Gen\u00e8ve<\/li>\n<li>Co-fondateur et CEO d\u2019une entreprise informatique (1987-2014)<\/li>\n<li>Nomm\u00e9 \u00ab\u00a0Entrepreneur of the Year 2004\u00a0\u00bb par Ernst&amp;Young<\/li>\n<li>Pr\u00e9sident du Conseil d\u2019administration de l\u2019H\u00f4pital du Jura bernois SA (2009-2016)<\/li>\n<li>Pr\u00e9sident du Conseil d&#8217;administration de Celtor SA (2011-2016)<\/li>\n<li>Conseiller d&#8217;\u00c9tat bernois, directeur de la sant\u00e9 publique et de la pr\u00e9voyance sociale<\/li>\n<\/ul>\n","protected":false},"excerpt":{"rendered":"<p>Fils d\u2019ouvrier, j\u2019ai effectu\u00e9 un apprentissage d\u2019employ\u00e9 de commerce dans une entreprise fabriquant des machines-outils. Apr\u00e8s cette premi\u00e8re exp\u00e9rience dans le secteur industriel, j\u2019ai fait le pari de m\u2019orienter vers un domaine \u00e0 l\u2019\u00e9poque \u00e9mergent et aujourd\u2019hui omnipr\u00e9sent\u00a0: l\u2019informatique de gestion. Ing\u00e9nieur et entrepreneur Durant mes \u00e9tudes, j\u2019ai fond\u00e9 une premi\u00e8re entreprise avec un ami. Mon dipl\u00f4me d\u2019ing\u00e9nieur HES en poche, j\u2019ai cr\u00e9\u00e9 en 1987 une seconde soci\u00e9t\u00e9, dans le domaine informatique. De 4 personnes en 1987, nous sommes pass\u00e9s \u00e0 145 collaborateurs en 2014. En 2004, Ernst&amp;Young m\u2019a d\u00e9cern\u00e9 le prix d\u2019Entrepreneur of the Year. Exp\u00e9rience de la sant\u00e9 et du service public J\u2019ai rejoint le Conseil d\u2019administration de<\/p>\n","protected":false},"author":1,"featured_media":0,"parent":17,"menu_order":1,"comment_status":"closed","ping_status":"closed","template":"","meta":{"jetpack_post_was_ever_published":false,"footnotes":""},"class_list":["post-28","page","type-page","status-publish","hentry"],"jetpack_sharing_enabled":true,"jetpack_shortlink":"https:\/\/wp.me\/P74j66-s","_links":{"self":[{"href":"https:\/\/www.pierre-alain-schnegg.ch\/fr\/wp-json\/wp\/v2\/pages\/28","targetHints":{"allow":["GET"]}}],"collection":[{"href":"https:\/\/www.pierre-alain-schnegg.ch\/fr\/wp-json\/wp\/v2\/pages"}],"about":[{"href":"https:\/\/www.pierre-alain-schnegg.ch\/fr\/wp-json\/wp\/v2\/types\/page"}],"author":[{"embeddable":true,"href":"https:\/\/www.pierre-alain-schnegg.ch\/fr\/wp-json\/wp\/v2\/users\/1"}],"replies":[{"embeddable":true,"href":"https:\/\/www.pierre-alain-schnegg.ch\/fr\/wp-json\/wp\/v2\/comments?post=28"}],"version-history":[{"count":8,"href":"https:\/\/www.pierre-alain-schnegg.ch\/fr\/wp-json\/wp\/v2\/pages\/28\/revisions"}],"predecessor-version":[{"id":1624,"href":"https:\/\/www.pierre-alain-schnegg.ch\/fr\/wp-json\/wp\/v2\/pages\/28\/revisions\/1624"}],"up":[{"embeddable":true,"href":"https:\/\/www.pierre-alain-schnegg.ch\/fr\/wp-json\/wp\/v2\/pages\/17"}],"wp:attachment":[{"href":"https:\/\/www.pierre-alain-schnegg.ch\/fr\/wp-json\/wp\/v2\/media?parent=28"}],"curies":[{"name":"wp","href":"https:\/\/api.w.org\/{rel}","templated":true}]}}