{"id":703,"date":"2016-07-30T15:37:04","date_gmt":"2016-07-30T15:37:04","guid":{"rendered":"http:\/\/www.pierre-alain-schnegg.ch\/?page_id=703"},"modified":"2020-01-07T14:38:31","modified_gmt":"2020-01-07T14:38:31","slug":"allocutions","status":"publish","type":"page","link":"https:\/\/www.pierre-alain-schnegg.ch\/fr\/actualites\/allocutions\/","title":{"rendered":"Allocutions"},"content":{"rendered":"<div><\/div>\n<div class=\"contentNavigation\">Sur cette page, vous trouvez les\u00a0allocutions que j&#8217;ai prononc\u00e9es.<\/div>\n<div class=\"parSys parsys middlePar\">\n<div id=\"belogin_wrapper\">\n<div class=\"floatingComponent textBild section\">\n<p>Vous trouverez les\u00a0allocutions en allemand sur la version allemande.<\/p>\n<p><a href=\"https:\/\/www.pierre-alain-schnegg.ch\/wp-content\/uploads\/2020\/01\/7e8a3c12ee46b0bca2a987135c161c3b.pdf\">05.11.2019 Inauguration des nouveaux locaux de l&#8217;OrTra sant\u00e9-social Berne francophone, Loveresse<\/a><\/p>\n<p><a href=\"https:\/\/www.pierre-alain-schnegg.ch\/wp-content\/uploads\/2019\/09\/190920_CAAJ_Moutier_portes-ouvertes_Allocution-Pierre-Alain-Schnegg_def.pdf\">20.09.2019 Portes ouvertes CAAJ, Moutier<\/a><\/p>\n<p><a href=\"https:\/\/www.pierre-alain-schnegg.ch\/wp-content\/uploads\/2019\/09\/190912_100-ans-Affolter-Holding-SA_Malleray_Allocution_Pierre-Alain-Schnegg_FR.pdf\">12.09.2019 Centi\u00e8me anniversaire du Groupe Affolter, Malleray<\/a><\/p>\n<p><a href=\"https:\/\/www.pierre-alain-schnegg.ch\/wp-content\/uploads\/2019\/08\/0b435510cf2aef42a5cbc5191a6dc98c.pdf\">01.08.2019 F\u00eate nationale, Court<\/a><\/p>\n<p><a href=\"https:\/\/www.pierre-alain-schnegg.ch\/wp-content\/uploads\/2019\/07\/190628_EJC_Reconvilier_Allocution_Pierre-Alain-Schnegg_def_FR-rev.pdf\">28.6.2019 Inauguration EJC, Reconvilier<\/a><\/p>\n<p><a href=\"https:\/\/www.pierre-alain-schnegg.ch\/wp-content\/uploads\/2019\/07\/6901b52dc511b376a4afca51846ae1d6.pdf\">28.06.2019 Rencontre des h\u00f4pitaux bernois, Tschugg<\/a><\/p>\n<p><a href=\"https:\/\/www.pierre-alain-schnegg.ch\/wp-content\/uploads\/2019\/07\/190611_BERNbilingue_Allocution_Pierre-Alain-Schnegg_FR.pdf\">11.06.0219 Bernbilingue, Berne<\/a><\/p>\n<p><a href=\"https:\/\/www.pierre-alain-schnegg.ch\/wp-content\/uploads\/2019\/07\/04dae842205f530eddbcad3e6c55f55c.pdf\">26.05.2019 CIP-Solidaire, Reconvilier<\/a><\/p>\n<p><a href=\"https:\/\/www.pierre-alain-schnegg.ch\/wp-content\/uploads\/2019\/07\/190523_Chapter-BNI-Jura-bernois_-Bienne_Allocution_Pierre-Alain-Schnegg_FR.pdf\">23.05.2019 BNI, Reconvilier<\/a><\/p>\n<p><a href=\"https:\/\/www.pierre-alain-schnegg.ch\/wp-content\/uploads\/2019\/05\/aa9c058aa8c5e21fbb6e28a86d3e3815.pdf\">04.05.2019 F\u00eate de la t\u00eate de moine, Bellelay<\/a><\/p>\n<p><a href=\"https:\/\/www.pierre-alain-schnegg.ch\/wp-content\/uploads\/2019\/05\/9b3183679cc6bc4fdfb92c5740385225.pdf\">12.04.2019 100 ans Prix Nobel Carl Spitteler, La Neuveville<\/a><\/p>\n<p><a href=\"https:\/\/www.pierre-alain-schnegg.ch\/wp-content\/uploads\/2019\/05\/190412_Schadenzentrum-VBS_Jahresrapport_Pierre-Alain-Schnegg_DT_FRZ_def.pdf\">12.04.2019 Rapport annuel Centre de dommage DDPS, Berne<\/a><\/p>\n<p><a href=\"https:\/\/www.pierre-alain-schnegg.ch\/wp-content\/uploads\/2019\/04\/67cca8e8247171d55be55449e6d785ff.pdf\">16.03.2019 143i\u00e8me assembl\u00e9e g\u00e9n\u00e9rale de la SAR, Tramelan<\/a><\/p>\n<p><a href=\"https:\/\/www.pierre-alain-schnegg.ch\/wp-content\/uploads\/2019\/03\/45e5fd972d652cce8860d6fd818b261f.pdf\">01.03.2019 &#8220;p&#8217;tit d\u00e9j FHS&#8221;, Aide sociale et int\u00e9gration &#8211; Centre hospitalier biennois, Bienne<\/a>, <a href=\"https:\/\/www.pierre-alain-schnegg.ch\/wp-content\/uploads\/2019\/03\/f264f3a8544c62fcc2c8a9e05accfb4d.pdf\">pr\u00e9sentation<\/a><\/p>\n<p><a href=\"https:\/\/www.pierre-alain-schnegg.ch\/wp-content\/uploads\/2019\/03\/45e5fd972d652cce8860d6fd818b261f.pdf\">26.02.2019 Politique sociale actuelle dans le canton de Berne, S\u00e9ance d&#8217;information de l&#8217;arrondissement du Jura bernois, Tramelan<\/a><\/p>\n<p><a href=\"https:\/\/www.pierre-alain-schnegg.ch\/wp-content\/uploads\/2019\/03\/3f30e040b77e7dd81576463e06ea3718.pdf\">21.02.2019 Mod\u00e8le bernois &#8211; Handicap, Berne<\/a><\/p>\n<p><a href=\"https:\/\/www.pierre-alain-schnegg.ch\/wp-content\/uploads\/2018\/12\/181129_FSP_Psychologen-Fachtagung-Bern_Grussbotschaft_Pierre-Alain-Schnegg_def_Zweisprachig-D_F.pdf\">29.11.2018 Colloque FSP, Berne<\/a><\/p>\n<p><a href=\"https:\/\/www.pierre-alain-schnegg.ch\/wp-content\/uploads\/2018\/12\/181119-Arc-Jurassien-discours-Pierre-Alain-Schnegg.pdf\">19.11.2018 10 ans d&#8217;arcjurassien.ch, La Chaux-de-Fonds<\/a><\/p>\n<p><a href=\"https:\/\/www.pierre-alain-schnegg.ch\/wp-content\/uploads\/2018\/12\/b5a1285027aba097b6b75630cb7f385a.pdf\">09.11.2018 Conf\u00e9rence latine de la p\u00e9dagogie sp\u00e9cialis\u00e9e, Bienne<\/a><\/p>\n<p><a href=\"https:\/\/www.pierre-alain-schnegg.ch\/wp-content\/uploads\/2018\/12\/dd1214d622fc23cd9e06e23cd6eb40eb.pdf\">08.11.2018 Assembl\u00e9e g\u00e9n\u00e9rale du GRESE, Sonceboz<\/a><\/p>\n<p><a href=\"https:\/\/www.pierre-alain-schnegg.ch\/wp-content\/uploads\/2018\/12\/af939ffb0c5a6bd00408770f4c0b1d75.pdf\">01.11.2018 Forum annuel &#8211; Commission du 3i\u00e8me \u00e2ge du Jura bernois, La Heutte<\/a><\/p>\n<p><a href=\"https:\/\/www.pierre-alain-schnegg.ch\/wp-content\/uploads\/2018\/12\/181026_Taxis-als-First-Responder_Gala-in-Murten_Grussworte_Pierre-Alain-Schnegg_def_de_fr.pdf\">26.10.2018 &#8220;Taxis &#8211; First Responder&#8221;, Morat<\/a><\/p>\n<p><a href=\"https:\/\/www.pierre-alain-schnegg.ch\/wp-content\/uploads\/2018\/12\/205f22c725045be259471eae0d32958f.pdf\">26.10.2018 Remise des dipl\u00f4mes AgorA, Bellelay<\/a><\/p>\n<p><a href=\"https:\/\/www.pierre-alain-schnegg.ch\/wp-content\/uploads\/2018\/10\/ebc3fcde6045977684915b581f75b0c5.pdf\">15.10.2018 Inauguration du nouveau b\u00e2timent Tertianum Le Manoir, Gampelen<\/a><\/p>\n<p><a href=\"https:\/\/www.pierre-alain-schnegg.ch\/wp-content\/uploads\/2018\/10\/13dfbf8c3935e4642a3b8e39d0fedf08.pdf\">11.10.2018 Inauguration du nouveau b\u00e2timent de l&#8217;EMS Cristal, Bienne<\/a><\/p>\n<p><a href=\"https:\/\/www.pierre-alain-schnegg.ch\/wp-content\/uploads\/2018\/10\/181005_REHA_Kongress_2018_Tessin_Referat-Pierre-Alain-Schnegg_Version2_fr.pdf\">05.10.2018 &#8220;ST-Reha : point de vue politique&#8221;, Symposium REHA TICINO 2018, Locarno<\/a><\/p>\n<p><a href=\"http:\/\/www.pierre-alain-schnegg.ch\/wp-content\/uploads\/2018\/09\/DOCP-839806-v1-180912_Empfang_CD.pdf\">12.09.2018 Invitation du corps diplomatique et des membres des chambres f\u00e9d\u00e9rales par le canton et la ville de Berne, Berne<\/a><\/p>\n<p><a href=\"http:\/\/www.pierre-alain-schnegg.ch\/wp-content\/uploads\/2018\/08\/775c696fd66b2da3bda49c8195622644.pdf\">01.08.2018 F\u00eate nationale 1er ao\u00fbt, Tavannes<\/a><\/p>\n<p><a href=\"http:\/\/www.pierre-alain-schnegg.ch\/wp-content\/uploads\/2018\/06\/eed0b13bf5e7757aef449f3947ecb6ad.pdf\">17.06.2018 175 ans Soci\u00e9t\u00e9 philanthropique Suisse, Tramelan<\/a><\/p>\n<p><a href=\"http:\/\/www.pierre-alain-schnegg.ch\/wp-content\/uploads\/2018\/05\/180515_AG-CEP_Jura-Bernois_Discours_Schnegg_Pierre-Alain_def.pdf\">15.05.2018 Assembl\u00e9e g\u00e9n\u00e9rale de la CEP, Courtelary<\/a><\/p>\n<p><a href=\"http:\/\/www.pierre-alain-schnegg.ch\/wp-content\/uploads\/2018\/03\/47b995899283a83d32aa97eaf78a4b62.pdf\">27.03.2018 &#8220;Pose d&#8217;une plaque comm\u00e9morative sur le b\u00e2timent si\u00e8ge de l&#8217;AIJ&#8221;, Moutier<\/a><\/p>\n<p><a href=\"http:\/\/www.pierre-alain-schnegg.ch\/wp-content\/uploads\/2018\/03\/180323_Personalized-Health-Day_Bern_Referat-Pierre-Alain-Schnegg_def.pdf\">23.03.2018 Why does our Society need Personalized Health ? 1st Joint Personalized\u00a0Health Day Switzerland, Bern<\/a><\/p>\n<p><a href=\"http:\/\/www.pierre-alain-schnegg.ch\/wp-content\/uploads\/2018\/02\/Allocution-No-Billag-05.02.2108.pdf\">05.02.2018 &#8220;Sans information, une r\u00e9gion s&#8217;\u00e9teint&#8221;, No-Billag, Tramelan<\/a><\/p>\n<p><a href=\"http:\/\/www.pierre-alain-schnegg.ch\/wp-content\/uploads\/2017\/11\/171123_Schnegg-Pierre-Alain_Allocution-UDC-Jura-Bernois.pdf\">23.11.2017 Rencontre UDC-JB avec les m\u00e9dias, Berne<\/a><\/p>\n<p><a href=\"http:\/\/www.pierre-alain-schnegg.ch\/wp-content\/uploads\/2017\/11\/171110_Schnegg-Pierre-Alain_Dissolution-AIJ_Moutier_Allocution.pdf\">10.11.2017 C\u00e9r\u00e9monie de dissolution de l&#8217;Assembl\u00e9e interjurasienne (AIJ), Moutier<\/a><\/p>\n<p><a href=\"http:\/\/www.pierre-alain-schnegg.ch\/wp-content\/uploads\/2017\/11\/171102_Schnegg-Pierre-Alain_LE-DEUIL_Conference-a-Tavannes_Note-de-parole.pdf\">02.11.2017 Cycle de conf\u00e9rences sur le th\u00e8me du deuil \u00e0 l&#8217;invitation de l&#8217;entrepreneur de pompes fun\u00e8bres Fran\u00e7ois Vorpe, Tavannes<\/a><\/p>\n<p><a href=\"http:\/\/www.pierre-alain-schnegg.ch\/wp-content\/uploads\/2017\/10\/161001_Schnegg-Pierre-Alain_Marche-de-Champoz_Petite-allocution.pdf\">07.10.2017 March\u00e9 d&#8217;automne, Champoz<\/a><\/p>\n<p><a href=\"http:\/\/www.pierre-alain-schnegg.ch\/wp-content\/uploads\/2017\/09\/170922_Einweihungsfest-Neubau-Schloessli-Biel-Bienne_Schnegg-Pierre-Alain_Ansprache.pdf\">22.09.2017 Inauguration de la maison C du home m\u00e9dicalis\u00e9 Schl\u00f6ssli, Bienne\u00a0<\/a><\/p>\n<p><a href=\"http:\/\/www.pierre-alain-schnegg.ch\/wp-content\/uploads\/2017\/09\/170917_Conference-de-presse-a-Courtelary_Schnegg-Pierre-Alain_Expose-devant-medias.pdf\">17.09.2017 Votations sur l&#8217;appartenance cantonale de Belprahon et Sorvilier, point de presse Courtelary<\/a><\/p>\n<p><a href=\"http:\/\/www.pierre-alain-schnegg.ch\/wp-content\/uploads\/2017\/09\/170904_GR-Parlamentariergruppe-Alter_Regierungsrat-Pierre-Alain-Schnegg_Referat.pdf\">04.09.2017 Politique du troisi\u00e8me \u00e2ge dans le canton &#8211; groupe parlementaire Troisi\u00e8me \u00e2ge, Berne<\/a><\/p>\n<p><a href=\"http:\/\/www.pierre-alain-schnegg.ch\/wp-content\/uploads\/2017\/09\/170903_Schnegg-Pierre-Alain_Foire-de-Chaindon_Petite-allocution_PROJET.pdf\">03.09.2017 Foire de Chaindon, Reconvilier<\/a><\/p>\n<p><a href=\"http:\/\/www.pierre-alain-schnegg.ch\/wp-content\/uploads\/2017\/07\/ec243cc5ade266b83e27a2b8a381e416.pdf\">01.08.2017 1er ao\u00fbt 2017, Z\u00e4ziwil<\/a><\/p>\n<p><a href=\"http:\/\/www.pierre-alain-schnegg.ch\/wp-content\/uploads\/2017\/07\/170722_Schnegg-Pierre-Alain_Eroeffnung-Schachfestival-Biel-Bienne_Grussbotschaft.pdf\">122.07.2017 F\u00eate d&#8217;ouverture du 50i\u00e8me festival international d&#8217;\u00e9checs, Bienne<\/a><\/p>\n<p><a href=\"http:\/\/www.pierre-alain-schnegg.ch\/wp-content\/uploads\/2017\/07\/170707_Schnegg-Pierre-Alain_Ziegelei_Pery-in-Ballenberg_Einweihungsansprache_F.pdf\">07.07.2017 Inauguration tuillerie de P\u00e9ry, mus\u00e9e Ballenberg<\/a><\/p>\n<p><a href=\"http:\/\/www.pierre-alain-schnegg.ch\/wp-content\/uploads\/2017\/07\/170703_Schnegg-Pierre-Alain_Teilrevision-Sozialhilfegesetz_Medienreferat-FR.pdf\">03.07.2017 Conf\u00e9rence de presse r\u00e9vision partielle de la loi sur l&#8217;aide sociale (LASoc), Berne<\/a><\/p>\n<p><a href=\"http:\/\/www.pierre-alain-schnegg.ch\/wp-content\/uploads\/2017\/06\/170603_Schnegg-Pierre-Alain_Fete-de-Mont-Girod_Allocution.pdf\">03.06.2017 F\u00eate de Mont-Girod, Champoz<\/a><\/p>\n<p><a href=\"http:\/\/www.pierre-alain-schnegg.ch\/wp-content\/uploads\/2017\/06\/170601_Schnegg-Pierre-Alain_Moutier-j-y-tiens_Orvin_Message.pdf\">01.06.2017 Rencontre du comit\u00e9 &#8220;Moutier j&#8217;y tiens&#8221;, Orvin<\/a><\/p>\n<p><a href=\"http:\/\/www.pierre-alain-schnegg.ch\/wp-content\/uploads\/2017\/05\/170513_Schnegg-Pierre-Alain_Prix-des-arts-CJB_Allocution_AVANT-PROJET.pdf\">13.05.2017 Remise prix des arts CJB, Tramelan<\/a><\/p>\n<p><a href=\"http:\/\/www.pierre-alain-schnegg.ch\/wp-content\/uploads\/2017\/05\/170512_Schnegg-Pierre-Alain_Congres-Force-democratique_Allocution_MEDIAS.pdf\">12.05.2017 Congr\u00e8s de Force D\u00e9mocratique, Moutier<\/a><\/p>\n<p><a href=\"http:\/\/www.pierre-alain-schnegg.ch\/wp-content\/uploads\/2017\/05\/170509_Schnegg-Pierre-Alain_Remise-prix-AIJ-2016_Message_FINALE.pdf\">09.05.2017 Remise du prix 2016 de l&#8217;assembl\u00e9e interjurassienne (AIJ), Mi\u00e9court<\/a>&#8211;<\/p>\n<p><a href=\"http:\/\/www.pierre-alain-schnegg.ch\/wp-content\/uploads\/2017\/04\/170427_Schnegg-Pierre-Alain_RSM-et-HJB-au-CIP_Matinee-reflexion_Allocution.pdf\">27.04.2017 HJB &#8211; RSM avec Prof. Tawfik Jelassi et Dr. Bertrand Piccard, CIP Tramelan<\/a><\/p>\n<p><a href=\"http:\/\/www.pierre-alain-schnegg.ch\/wp-content\/uploads\/2017\/04\/170318_Schnegg-Pierre-Alain_Commemoration-du-16-mars_Moutier_Allocution_FINALE.pdf\">17.03.2017 Comm\u00e9moration du 16 mars, Forum de l&#8217;arc, Moutier<\/a><\/p>\n<p><a href=\"http:\/\/www.pierre-alain-schnegg.ch\/wp-content\/uploads\/2017\/01\/170116_Schnegg-Pierre-Alain_200-jours-en-fonction_Expose-medias.pdf\">16.01.2017 Depuis 200 jours en fonction &#8211; Charte, strat\u00e9gies et objectifs de la SAP<\/a><\/p>\n<p><a href=\"http:\/\/www.pierre-alain-schnegg.ch\/wp-content\/uploads\/2016\/12\/161127_Schnegg-Pierre-Alain_MK-Regierungsrat_Spitalstandort-Initiative_AUTORISIERT.pdf\">28.11.2016 Intiative sites hospitaliers<\/a><\/p>\n<p><a href=\"http:\/\/www.pierre-alain-schnegg.ch\/wp-content\/uploads\/2016\/11\/809e47f056dcab04efc49f5609276ac2.pdf\">24.11.2016 Conf\u00e9rence de presse 24 novembre de l&#8217;UDCJB<\/a><\/p>\n<\/div>\n<\/div>\n<\/div>\n<p><a href=\"http:\/\/www.pierre-alain-schnegg.ch\/wp-content\/uploads\/2016\/10\/161001_Schnegg-Pierre-Alain_Marche-de-Champoz_Petite-allocution.pdf\">01.10.2016 March\u00e9 d&#8217;automne, Champoz<\/a><\/p>\n<p><a href=\"http:\/\/www.pierre-alain-schnegg.ch\/wp-content\/uploads\/2016\/09\/160929_Schnegg-Pierre-Alain_AEVIS-Victoria-Management-Days_Expose.pdf\">29.09.2016 Aevis Victoria Management Days, Interlaken<\/a><\/p>\n<p><a href=\"http:\/\/www.pierre-alain-schnegg.ch\/wp-content\/uploads\/2016\/09\/160928_Schnegg-Pierre-Alain_BENEVOL-Biel-Bienne_20e-anniversaire_Allocution.pdf\">28.09.2016 BENEVOL f\u00eate ses 20 ans, Bienne<\/a><\/p>\n<p><a href=\"http:\/\/www.pierre-alain-schnegg.ch\/wp-content\/uploads\/2016\/09\/160924_Schnegg-Pierre-Alain_Residence-Les-Sources_Portes-ouvertes_Allocution.pdf\">24.09.2016 R\u00e9sidence Les Sources, Sonceboz<\/a><\/p>\n<p><a href=\"http:\/\/www.pierre-alain-schnegg.ch\/wp-content\/uploads\/2016\/09\/160922_Schnegg-Pierre-Alain_CMJB_Commission-3eme-age_Forum-des-communes_Propos-introductifs.pdf\">22.09.2016 Forum commission de\u00a0politique du 3i\u00e8me \u00e2ge, Malleray<\/a><\/p>\n<p><a href=\"http:\/\/www.pierre-alain-schnegg.ch\/wp-content\/uploads\/2016\/09\/160904_Schnegg-Pierre-Alain_Foire-de-Chaindon.pdf\">04.09.2016 Foire de Chaindon<\/a><\/p>\n<p><a href=\"http:\/\/www.pierre-alain-schnegg.ch\/wp-content\/uploads\/2016\/09\/160902_Einweihung-Battenbergschulhaus-Biel_Referat-PAS_FINALE_F-mit-Teil-auf-D.pdf\">02.09.2016 Inauguration \u00e9cole Battenberg Bienne<\/a><\/p>\n<p><a href=\"http:\/\/www.pierre-alain-schnegg.ch\/wp-content\/uploads\/2016\/08\/160901_VBB-ABEMS_PAS-Referat_ALBA-Konsolidiertert_FINALE_Mit-Ende-auf-F.docx\">01.09.2016 Assembl\u00e9e g\u00e9n\u00e9rale de l&#8217;Association Bernoise des \u00e9tablissements m\u00e9dico-sociaux (vbb-abems)<\/a><\/p>\n<p><a href=\"http:\/\/www.pierre-alain-schnegg.ch\/wp-content\/uploads\/2016\/08\/160826_Schnegg-Pierre-Alain_PTSI-III_Expose_AUTORISEE.pdf\">26.08.2016 Inauguration Parc Technologique III Saint-Imier<\/a><\/p>\n<p><a href=\"http:\/\/www.pierre-alain-schnegg.ch\/wp-content\/uploads\/2016\/08\/160819_Schnegg-Pierre-Alain_Fete-des-saisons-Tavannes_Allocution_AVANT-PROJET.pdf\">19.08.2016 F\u00eate des Saisons Tavannes<\/a><\/p>\n<p><a href=\"http:\/\/www.pierre-alain-schnegg.ch\/wp-content\/uploads\/2016\/07\/160710_Schnegg-Pierre-Alain_Mont-Girod_Allocution.pdf\">10.07.2016 F\u00eate de Mont-Girod<\/a><\/p>\n<p><a href=\"http:\/\/www.pierre-alain-schnegg.ch\/wp-content\/uploads\/2016\/08\/52fa7c89241025c9839b3a8d630af117.pdf\">01.07.2016 25 ans CIP Tramelan<\/a><\/p>\n","protected":false},"excerpt":{"rendered":"<p>Sur cette page, vous trouvez les\u00a0allocutions que j&#8217;ai prononc\u00e9es. Vous trouverez les\u00a0allocutions en allemand sur la version allemande. 05.11.2019 Inauguration des nouveaux locaux de l&#8217;OrTra sant\u00e9-social Berne francophone, Loveresse 20.09.2019 Portes ouvertes CAAJ, Moutier 12.09.2019 Centi\u00e8me anniversaire du Groupe Affolter, Malleray 01.08.2019 F\u00eate nationale, Court 28.6.2019 Inauguration EJC, Reconvilier 28.06.2019 Rencontre des h\u00f4pitaux bernois, Tschugg 11.06.0219 Bernbilingue, Berne 26.05.2019 CIP-Solidaire, Reconvilier 23.05.2019 BNI, Reconvilier 04.05.2019 F\u00eate de la t\u00eate de moine, Bellelay 12.04.2019 100 ans Prix Nobel Carl Spitteler, La Neuveville 12.04.2019 Rapport annuel Centre de dommage DDPS, Berne 16.03.2019 143i\u00e8me assembl\u00e9e g\u00e9n\u00e9rale de la SAR, Tramelan 01.03.2019 &#8220;p&#8217;tit d\u00e9j FHS&#8221;, Aide sociale et int\u00e9gration &#8211; Centre hospitalier biennois, Bienne,<\/p>\n","protected":false},"author":3,"featured_media":0,"parent":430,"menu_order":0,"comment_status":"closed","ping_status":"closed","template":"","meta":{"jetpack_post_was_ever_published":false,"footnotes":""},"class_list":["post-703","page","type-page","status-publish","hentry"],"jetpack_sharing_enabled":true,"jetpack_shortlink":"https:\/\/wp.me\/P74j66-bl","_links":{"self":[{"href":"https:\/\/www.pierre-alain-schnegg.ch\/fr\/wp-json\/wp\/v2\/pages\/703","targetHints":{"allow":["GET"]}}],"collection":[{"href":"https:\/\/www.pierre-alain-schnegg.ch\/fr\/wp-json\/wp\/v2\/pages"}],"about":[{"href":"https:\/\/www.pierre-alain-schnegg.ch\/fr\/wp-json\/wp\/v2\/types\/page"}],"author":[{"embeddable":true,"href":"https:\/\/www.pierre-alain-schnegg.ch\/fr\/wp-json\/wp\/v2\/users\/3"}],"replies":[{"embeddable":true,"href":"https:\/\/www.pierre-alain-schnegg.ch\/fr\/wp-json\/wp\/v2\/comments?post=703"}],"version-history":[{"count":66,"href":"https:\/\/www.pierre-alain-schnegg.ch\/fr\/wp-json\/wp\/v2\/pages\/703\/revisions"}],"predecessor-version":[{"id":1495,"href":"https:\/\/www.pierre-alain-schnegg.ch\/fr\/wp-json\/wp\/v2\/pages\/703\/revisions\/1495"}],"up":[{"embeddable":true,"href":"https:\/\/www.pierre-alain-schnegg.ch\/fr\/wp-json\/wp\/v2\/pages\/430"}],"wp:attachment":[{"href":"https:\/\/www.pierre-alain-schnegg.ch\/fr\/wp-json\/wp\/v2\/media?parent=703"}],"curies":[{"name":"wp","href":"https:\/\/api.w.org\/{rel}","templated":true}]}}