{"id":880,"date":"2017-04-20T08:48:00","date_gmt":"2017-04-20T08:48:00","guid":{"rendered":"http:\/\/www.pierre-alain-schnegg.ch\/?page_id=880\/"},"modified":"2026-03-12T08:20:23","modified_gmt":"2026-03-12T08:20:23","slug":"election-2018","status":"publish","type":"page","link":"https:\/\/www.pierre-alain-schnegg.ch\/fr\/election-2018\/","title":{"rendered":"\u00c9lections 2026"},"content":{"rendered":"<p><strong><a href=\"https:\/\/i0.wp.com\/www.pierre-alain-schnegg.ch\/wp-content\/uploads\/2018\/01\/pierre_alain_schnegg_regierungsrat_gesundheits-und_fuersorgedirektor_content.jpg\"><img data-recalc-dims=\"1\" loading=\"lazy\" decoding=\"async\" class=\"size-medium wp-image-1123 alignleft\" src=\"https:\/\/i0.wp.com\/www.pierre-alain-schnegg.ch\/wp-content\/uploads\/2018\/01\/pierre_alain_schnegg_regierungsrat_gesundheits-und_fuersorgedirektor_content-219x300.jpg?resize=219%2C300\" alt=\"\" width=\"219\" height=\"300\" srcset=\"https:\/\/i0.wp.com\/www.pierre-alain-schnegg.ch\/wp-content\/uploads\/2018\/01\/pierre_alain_schnegg_regierungsrat_gesundheits-und_fuersorgedirektor_content.jpg?resize=219%2C300&amp;ssl=1 219w, https:\/\/i0.wp.com\/www.pierre-alain-schnegg.ch\/wp-content\/uploads\/2018\/01\/pierre_alain_schnegg_regierungsrat_gesundheits-und_fuersorgedirektor_content.jpg?w=500&amp;ssl=1 500w\" sizes=\"auto, (max-width: 219px) 100vw, 219px\" \/><\/a><\/strong><\/p>\n<h2>Pierre Alain Schnegg<\/h2>\n<h4>Directeur de la sant\u00e9, des affaires sociales et de l&#8217;int\u00e9gration<\/h4>\n<p>La population du canton de Berne m\u2019a \u00e9lu au Conseil ex\u00e9cutif, ou je si\u00e8ge depuis le 1er juillet 2016. En tant que conseiller d\u2019\u00c9tat du canton de Berne, je suis charg\u00e9 de la Direction de la sant\u00e9, des affaires sociale et de l&#8217;int\u00e9gration.<\/p>\n<p>&#8220;<strong>Un syst\u00e8me de sant\u00e9 p\u00e9renne. Un fondement solide pour l\u2019aide sociale et l\u2019int\u00e9gration. <\/strong>En qualit\u00e9 de directeur de la sant\u00e9, il m\u2019appartient de veiller \u00e0 ce que les besoins en soins de la population soient couverts dans toutes les r\u00e9gions du canton. Pour ce faire, nous devons planifier les vingt prochaines ann\u00e9es et anticiper les d\u00e9fis futurs. Il s\u2019agit de d\u00e9finir des solutions pour la prise en charge d\u2019une population toujours plus \u00e2g\u00e9e. \u00c0 la t\u00eate des affaires sociales, je m\u2019engage en faveur de structures solides qui offrent de nouvelles opportunit\u00e9s aux personnes dans le besoin tout en renfor\u00e7ant leur responsabilit\u00e9 individuelle. Dans le domaine de l\u2019int\u00e9gration, je vise une politique d\u2019asile qui prot\u00e8ge les personnes menac\u00e9es tout en emp\u00eachant les abus.<br \/>\nEnsemble, nous b\u00e2tissons l\u2019avenir du canton de Berne. C\u2019est avec conviction que je continuerai d\u2019apporter ma pierre \u00e0 l\u2019\u00e9difice.&#8221;<\/p>\n<p><strong>Fonctions politiques<\/strong><\/p>\n<ul>\n<li>Conseiller d\u2019\u00c9tat depuis 2016<\/li>\n<li>Membre du Grand Conseil, 2014-2016<\/li>\n<li>Membre de la commission sant\u00e9-social, 2014-2016<\/li>\n<li>Membre et pr\u00e9sident du Conseil du Jura bernois, 2014-2016<\/li>\n<li>Conseiller communal \u00e0 Champoz, 2015-2016<\/li>\n<\/ul>\n","protected":false},"excerpt":{"rendered":"<p>Pierre Alain Schnegg Directeur de la sant\u00e9, des affaires sociales et de l&#8217;int\u00e9gration La population du canton de Berne m\u2019a \u00e9lu au Conseil ex\u00e9cutif, ou je si\u00e8ge depuis le 1er juillet 2016. En tant que conseiller d\u2019\u00c9tat du canton de Berne, je suis charg\u00e9 de la Direction de la sant\u00e9, des affaires sociale et de l&#8217;int\u00e9gration. &#8220;Un syst\u00e8me de sant\u00e9 p\u00e9renne. Un fondement solide pour l\u2019aide sociale et l\u2019int\u00e9gration. En qualit\u00e9 de directeur de la sant\u00e9, il m\u2019appartient de veiller \u00e0 ce que les besoins en soins de la population soient couverts dans toutes les r\u00e9gions du canton. Pour ce faire, nous devons planifier les vingt prochaines ann\u00e9es et anticiper<\/p>\n","protected":false},"author":4,"featured_media":0,"parent":0,"menu_order":1,"comment_status":"closed","ping_status":"closed","template":"","meta":{"jetpack_post_was_ever_published":false,"footnotes":""},"class_list":["post-880","page","type-page","status-publish","hentry"],"jetpack_sharing_enabled":true,"jetpack_shortlink":"https:\/\/wp.me\/P74j66-ec","_links":{"self":[{"href":"https:\/\/www.pierre-alain-schnegg.ch\/fr\/wp-json\/wp\/v2\/pages\/880","targetHints":{"allow":["GET"]}}],"collection":[{"href":"https:\/\/www.pierre-alain-schnegg.ch\/fr\/wp-json\/wp\/v2\/pages"}],"about":[{"href":"https:\/\/www.pierre-alain-schnegg.ch\/fr\/wp-json\/wp\/v2\/types\/page"}],"author":[{"embeddable":true,"href":"https:\/\/www.pierre-alain-schnegg.ch\/fr\/wp-json\/wp\/v2\/users\/4"}],"replies":[{"embeddable":true,"href":"https:\/\/www.pierre-alain-schnegg.ch\/fr\/wp-json\/wp\/v2\/comments?post=880"}],"version-history":[{"count":19,"href":"https:\/\/www.pierre-alain-schnegg.ch\/fr\/wp-json\/wp\/v2\/pages\/880\/revisions"}],"predecessor-version":[{"id":1567,"href":"https:\/\/www.pierre-alain-schnegg.ch\/fr\/wp-json\/wp\/v2\/pages\/880\/revisions\/1567"}],"wp:attachment":[{"href":"https:\/\/www.pierre-alain-schnegg.ch\/fr\/wp-json\/wp\/v2\/media?parent=880"}],"curies":[{"name":"wp","href":"https:\/\/api.w.org\/{rel}","templated":true}]}}